{"id":920,"date":"2022-06-28T11:36:04","date_gmt":"2022-06-28T14:36:04","guid":{"rendered":"https:\/\/latinoamericanoperitoneal.santacasa.org.br\/?page_id=920"},"modified":"2022-10-28T11:46:10","modified_gmt":"2022-10-28T14:46:10","slug":"programacao-auditorio-secundario","status":"publish","type":"page","link":"https:\/\/latinoamericanoperitoneal.santacasa.org.br\/en\/programacao-auditorio-secundario\/","title":{"rendered":"Secondary Auditorium Programming"},"content":{"rendered":"<div data-elementor-type=\"wp-page\" data-elementor-id=\"920\" class=\"elementor elementor-920\">\n\t\t\t\t\t\t<section class=\"elementor-section elementor-top-section elementor-element elementor-element-17e3979 elementor-section-boxed elementor-section-height-default elementor-section-height-default\" data-id=\"17e3979\" data-element_type=\"section\" data-e-type=\"section\">\n\t\t\t\t\t\t<div class=\"elementor-container elementor-column-gap-default\">\n\t\t\t\t\t<div class=\"elementor-column elementor-col-100 elementor-top-column elementor-element elementor-element-f9fb8c8\" data-id=\"f9fb8c8\" data-element_type=\"column\" data-e-type=\"column\">\n\t\t\t<div class=\"elementor-widget-wrap elementor-element-populated\">\n\t\t\t\t\t\t<div class=\"elementor-element elementor-element-575e8d4 elementor-widget elementor-widget-heading\" data-id=\"575e8d4\" data-element_type=\"widget\" data-e-type=\"widget\" data-widget_type=\"heading.default\">\n\t\t\t\t<div class=\"elementor-widget-container\">\n\t\t\t\t\t<h2 class=\"elementor-heading-title elementor-size-default\">Secondary Auditorium Programming<\/h2>\t\t\t\t<\/div>\n\t\t\t\t<\/div>\n\t\t\t\t<div class=\"elementor-element elementor-element-ff07da4 elementor-widget elementor-widget-spacer\" data-id=\"ff07da4\" data-element_type=\"widget\" data-e-type=\"widget\" data-widget_type=\"spacer.default\">\n\t\t\t\t<div class=\"elementor-widget-container\">\n\t\t\t\t\t\t\t<div class=\"elementor-spacer\">\n\t\t\t<div class=\"elementor-spacer-inner\"><\/div>\n\t\t<\/div>\n\t\t\t\t\t\t<\/div>\n\t\t\t\t<\/div>\n\t\t\t\t<div class=\"elementor-element elementor-element-118a51f elementor-tabs-view-horizontal elementor-widget elementor-widget-tabs\" data-id=\"118a51f\" data-element_type=\"widget\" data-e-type=\"widget\" id=\"programacao\" data-widget_type=\"tabs.default\">\n\t\t\t\t<div class=\"elementor-widget-container\">\n\t\t\t\t\t\t\t<div class=\"elementor-tabs\">\n\t\t\t<div class=\"elementor-tabs-wrapper\" role=\"tablist\" >\n\t\t\t\t\t\t\t\t\t<div id=\"elementor-tab-title-1831\" class=\"elementor-tab-title elementor-tab-desktop-title\" aria-selected=\"true\" data-tab=\"1\" role=\"tab\" tabindex=\"0\" aria-controls=\"elementor-tab-content-1831\" aria-expanded=\"false\">October, 30th<\/div>\n\t\t\t\t\t\t\t\t\t<div id=\"elementor-tab-title-1832\" class=\"elementor-tab-title elementor-tab-desktop-title\" aria-selected=\"false\" data-tab=\"2\" role=\"tab\" tabindex=\"-1\" aria-controls=\"elementor-tab-content-1832\" aria-expanded=\"false\">October, 31th<\/div>\n\t\t\t\t\t\t\t\t\t<div id=\"elementor-tab-title-1833\" class=\"elementor-tab-title elementor-tab-desktop-title\" aria-selected=\"false\" data-tab=\"3\" role=\"tab\" tabindex=\"-1\" aria-controls=\"elementor-tab-content-1833\" aria-expanded=\"false\">November, 1st<\/div>\n\t\t\t\t\t\t\t<\/div>\n\t\t\t<div class=\"elementor-tabs-content-wrapper\" role=\"tablist\" aria-orientation=\"vertical\">\n\t\t\t\t\t\t\t\t\t<div class=\"elementor-tab-title elementor-tab-mobile-title\" aria-selected=\"true\" data-tab=\"1\" role=\"tab\" tabindex=\"0\" aria-controls=\"elementor-tab-content-1831\" aria-expanded=\"false\">October, 30th<\/div>\n\t\t\t\t\t<div id=\"elementor-tab-content-1831\" class=\"elementor-tab-content elementor-clearfix\" data-tab=\"1\" role=\"tabpanel\" aria-labelledby=\"elementor-tab-title-1831\" tabindex=\"0\" hidden=\"false\"><h5><button type=\"button\" data-toggle=\"collapse\" data-target=\"#collapseOne\" aria-expanded=\"true\" aria-controls=\"collapseOne\">Pr\u00e9-congresso<\/button><\/h5>\n<p>\nCoordena\u00e7\u00e3o: Eduardo Dipp (RS) e Rafael Seitenfus (RS) <br\/>\nDebatedores: Paul Sugarbaker (EUA) e Beate Rau (Alemanha)\n<\/p>\n<table>\n<tbody>\n<tr>\n<td width=\"200\"><strong>09:00 \u00e0s 09:15<\/strong><\/td>\n<td style=\"text-align: left;\"><strong>T\u00e9cnica operat\u00f3ria em HIPEC &#8211; Qual o melhor posicionamento das C\u00e2nulas e o porqu\u00ea? Qual o\nTempo de Perfus\u00e3o mais adequado?<\/strong><br\/>Palestrante: Dr Olivier Glehen<\/td>\n<\/tr>\n<tr>\n<td><strong>09:15 \u00e0s 09:30<\/strong><\/td>\n<td style=\"text-align: left;\"><strong>Max Vida &#8211; Rand<\/strong><\/td>\n<\/tr>\n<tr>\n<td><strong>09:30 \u00e0s 09:45<\/strong><\/td>\n<td style=\"text-align: left;\"><strong>Tips and Tricks in PIPAC &#8211; Como melhorar a performance e distribui\u00e7\u00e3o do aerosol.<\/strong><br\/><span style=\"letter-spacing: 0px; display: inline !important;\">Palestrante: Dr Mohammad Aliamy <\/span><\/td>\n<\/tr>\n<tr>\n<td><strong>09:45 \u00e0s 10:00<\/strong><\/td>\n<td style=\"text-align: left;\"><strong>Bhio Supply &#8211; Perspectivas Tecnologicas em PIPAC e Dispositivos nacionais\n<\/strong><br\/><span style=\"letter-spacing: 0px; display: inline !important;\">Palestrante:  Dr Rafael Seitenfus<\/span><\/td>\n<\/tr>\n<tr>\n<td><strong>10:00 \u00e0s 10:15<\/strong><\/td>\n<td style=\"text-align: left;\"><strong>Discussion<\/strong><\/td>\n<\/tr>\n<tr>\n<td><strong>10:15 \u00e0s 10:30<\/strong><\/td>\n<td style=\"text-align: left;\"><strong>Coffee<\/strong><\/td>\n<\/tr>\n<tr>\n<td><strong>10:30 \u00e0s 10:45<\/strong><\/td>\n<td style=\"text-align: left;\"><strong>Ethicon &#8211; Hemost\u00e1ticos<\/strong>\n\n<span style=\"letter-spacing: 0px; display: inline !important;\"><br\/>Palestrante: Lenio Rodrigues J\u00fanior<\/span><\/td>\n<\/tr>\n<tr>\n<td><strong>10:45 \u00e0s 11:00<\/strong><\/td>\n<td style=\"text-align: left;\"><strong>CEI &#8211; Brasil &#8211; Monitor Hemodin\u00e2mico \u2013 LIDCO<\/strong>\n<br\/>\n<span style=\"letter-spacing: 0px; display: inline !important;\">Palestrante: Dra Liegi Caroline Immich\n<\/span><\/td>\n<\/tr>\n<tr>\n<td><strong>11:00 \u00e0s 11:15<\/strong><\/td>\n<td style=\"text-align: left;\"><strong>Nestl\u00e9 &#8211; Nutri\u00e7\u00e3o Perioperat\u00f3ria<\/strong><br\/>\n<span style=\"letter-spacing: 0px; display: inline !important;\">Palestrante: Sara Rosa<\/span><\/td>\n<\/tr>\n<tr>\n<td><strong>11:15 \u00e0s 11:30<\/strong><\/td>\n<td style=\"text-align: left;\"><b>Medtronic<\/b><\/td>\n<\/tr>\n<tr>\n<td><strong>11:30 \u00e0s 11:50<\/strong><\/td>\n<td style=\"text-align: left;\"><b>Discussion<\/b><\/td>\n<\/tr>\n<tr>\n<td><strong>11:50<\/strong><\/td>\n<td style=\"text-align: left;\"><b>Closing<\/b><\/td>\n<\/tr>\n<\/tbody>\n<\/table><\/div>\n\t\t\t\t\t\t\t\t\t<div class=\"elementor-tab-title elementor-tab-mobile-title\" aria-selected=\"false\" data-tab=\"2\" role=\"tab\" tabindex=\"-1\" aria-controls=\"elementor-tab-content-1832\" aria-expanded=\"false\">October, 31th<\/div>\n\t\t\t\t\t<div id=\"elementor-tab-content-1832\" class=\"elementor-tab-content elementor-clearfix\" data-tab=\"2\" role=\"tabpanel\" aria-labelledby=\"elementor-tab-title-1832\" tabindex=\"0\" hidden=\"hidden\"><div>\n<h5><button type=\"button\" data-toggle=\"collapse\" data-target=\"#collapseOne\" aria-expanded=\"true\" aria-controls=\"collapseOne\">SBP &#8211; SOCIEDADE BRASILEIRA DE PATOLOGIA<\/button><\/h5>\n<table>\n<tbody>\n<tr>\n<td width=\"200\"><strong>09:00 \u00e0s 08:05<\/strong><\/td>\n<td style=\"text-align: left;\">\n<p><strong>Abertura do evento<\/strong><\/p>\n<p>&nbsp;Felipe Luzzatto (RS)<\/p>\n<\/td>\n<\/tr>\n<tr>\n<td><strong>08:05 \u00e0s 08:10<\/strong><\/td>\n<td style=\"text-align: left;\">\n<p><strong>Apresenta\u00e7\u00e3o do cronograma e palestrantes&nbsp;<\/strong><\/p>\n<p><span style=\"letter-spacing: 0px; display: inline !important;\">Palestrante: Gabriel Santos (SP)<\/span><\/p>\n<\/td>\n<\/tr>\n<tr>\n<td><strong>08:10 \u00e0s 08:30<\/strong><\/td>\n<td style=\"text-align: left;\">\n<p><strong>Classifica\u00e7\u00e3o do pseudomixoma peritonei \u2013 PSOGI (2015) e WHO (2019). Discuss\u00e3o da proposta PSOGI (2021)<\/strong><\/p>\n<p><span style=\"letter-spacing: 0px; display: inline !important;\">Palestrante: Evandro Sobroza (SP)<\/span><\/p>\n<\/td>\n<\/tr>\n<tr>\n<td><strong>08:30 \u00e0s 08:45<\/strong><\/td>\n<td style=\"text-align: left;\">\n<p><strong>Les\u00f5es serrilhadas, neoplasias mucinosas e adenocarcinoma do ap\u00eandice cecal<\/strong><\/p>\n<p><span style=\"letter-spacing: 0px; display: inline !important;\">Palestrante:&nbsp;<\/span><span style=\"letter-spacing: 0px; display: inline !important;\">Luiza Fadul Gallas (BA)<\/span><\/p>\n<\/td>\n<\/tr>\n<tr>\n<td><strong>08:45 \u00e0s 09:00<\/strong><\/td>\n<td style=\"text-align: left;\">\n<p><strong>Mesoteliomas malignos peritoneais<\/strong><\/p>\n<p><span style=\"letter-spacing: 0px; display: inline !important;\">Palestrante: Pedro Aleixo (RS)<\/span><\/p>\n<\/td>\n<\/tr>\n<tr>\n<td><strong>09:00 \u00e0s 09:15<\/strong><\/td>\n<td style=\"text-align: left;\">\n<p><strong>Carcinomas serosos de alto e de baixo grau acometendo o perit\u00f4nio<\/strong><\/p>\n<p><span style=\"letter-spacing: 0px; display: inline !important;\">Palestrante: Renan Ribeiro (SP)<\/span><\/p>\n<\/td>\n<\/tr>\n<tr>\n<td><strong>09:15 \u00e0s 09:30<\/strong><\/td>\n<td style=\"text-align: left;\">\n<p><strong>Adenocarcinomas metast\u00e1ticos no perit\u00f4nio sem pseudomixoma \u2013 abordagem pr\u00e1tica<\/strong><\/p>\n<p><span style=\"letter-spacing: 0px; display: inline !important;\">Palestrante: Dr. Vanderlei Segatelli (SP)<\/span><\/p>\n<\/td>\n<\/tr>\n<tr>\n<td><strong>09:30 \u00e0s 09:40<\/strong><\/td>\n<td style=\"text-align: left;\">\n<p><strong>Les\u00f5es benignas do perit\u00f4nio e principais armadilhas na patologia peritoneal&nbsp;<\/strong><\/p>\n<p><span style=\"letter-spacing: 0px; display: inline !important;\">Palestrante: Luciana Ximenes (GO)<\/span><\/p>\n<\/td>\n<\/tr>\n<tr>\n<td><strong>09:40 to 10:00<\/strong><\/td>\n<td style=\"text-align: left;\"><b>Discussion<\/b><\/td>\n<\/tr>\n<tr>\n<td><strong>10:00 to 10:20<\/strong><\/td>\n<td style=\"text-align: left;\"><b>Break<\/b><\/td>\n<\/tr>\n<\/tbody>\n<\/table>\n<div>&nbsp;<\/div>\n<div>\n<div aria-labelledby=\"headingTwo\" data-parent=\"#accordionExample\">\n<h5><button type=\"button\" data-toggle=\"collapse\" data-target=\"#collapseOne\" aria-expanded=\"true\" aria-controls=\"collapseOne\">SBP &#8211; DISCUSS\u00c2O DE CASOS CL\u00cdNICOS<\/button><\/h5>\n<table style=\"height: 360px;\" width=\"968\">\n<tbody>\n<tr>\n<td width=\"200\"><strong>10:30 \u00e0s 10:40<\/strong><\/td>\n<td style=\"text-align: left;\"><strong>Caso 1: Adenocarcinoma de c\u00f3lon com acometimento da superf\u00edcie peritoneal e evolu\u00e7\u00e3o com met\u00e1stases peritoneais<\/strong><br>Palestrante: Luiza Fadul Gallas (BA)<\/td>\n<\/tr>\n<tr>\n<td><strong>10:40 \u00e0s 10:50<\/strong><\/td>\n<td style=\"text-align: left;\"><strong>Caso 2: Mesotelioma peritoneal (papil\u00edfero e multic\u00edstico)<\/strong><br>Palestrante: Gabriel Santos (SP)<\/td>\n<\/tr>\n<tr>\n<td><strong>10:50 \u00e0s 11:10<\/strong><\/td>\n<td style=\"text-align: left;\"><strong>Caso 3: Pseudomixomas G1-G3<\/strong><br>Palestrante: Evandro Sobroza(SP)<\/td>\n<\/tr>\n<tr>\n<td><strong>11:10 \u00e0s 11:30<\/strong><\/td>\n<td style=\"text-align: left;\"><strong>Discuss\u00e3o dos Casos Clinicos<\/strong><\/td>\n<\/tr>\n<tr>\n<td><strong>11:30 \u00e0s 11:45<\/strong><\/td>\n<td style=\"text-align: left;\"><strong>Proposta de protocolo (checklist) para acometimento peritoneal por neoplasias epiteliais. Cria\u00e7\u00e3o do Grupo Brasileiro de Estudos das Neoplasias Peritoneais<\/strong>)<\/td>\n<\/tr>\n<tr>\n<td><strong>11:45 \u00e0s 12:00<\/strong><\/td>\n<td style=\"text-align: left;\"><b>Discuss\u00e3o e considera\u00e7\u00f5es finais<\/b><\/td>\n<\/tr>\n<tr>\n<td><strong>12:00 to 13:30<\/strong><\/td>\n<td style=\"text-align: left;\"><strong>Lunch break<\/strong><\/td>\n<\/tr>\n<\/tbody>\n<\/table>\n<h5>&nbsp;<\/h5>\n<h5><button type=\"button\" data-toggle=\"collapse\" data-target=\"#collapseOne\" aria-expanded=\"true\" aria-controls=\"collapseOne\">CBR &#8211; COL\u00c9GIO BRASILEIRO DE RADIOLOGIA E DIAGN\u00d3STICO POR IMAGEM<\/button><\/h5>\n<\/div>\n<\/div>\n<\/div>\n<table style=\"height: 277px;\" width=\"1059\">\n<tbody>\n<tr>\n<td width=\"200\">13:30 \u00e0s 14:00<\/td>\n<td style=\"text-align: left;\"><strong>Aspectos por imagem das doen\u00e7as peritoneais<\/strong><br>Palestrante: Fernando Hexsel (RS)<\/td>\n<\/tr>\n<tr>\n<td>14:00 to 14:20<\/td>\n<td style=\"text-align: left;\"><strong>TC vs RM \u2013 Vantagens e limita\u00e7\u00f5es de cada m\u00e9todo<\/strong><br>Palestrante: V\u00edtor Vieira (PR)<\/td>\n<\/tr>\n<tr>\n<td>14:20 \u00e0s 14:30<\/td>\n<td style=\"text-align: left;\"><strong>PET\/CT nas doen\u00e7as peritoneais \u2013 Evid\u00eancia cient\u00edfica e revis\u00e3o de casos<\/strong><br>Palestrante:&nbsp;V\u00edtor Vieira (PR)<\/td>\n<\/tr>\n<tr>\n<td>14:30 \u00e0s 14:50<\/td>\n<td style=\"text-align: left;\"><strong>Avalia\u00e7\u00e3o pr\u00e9 e p\u00f3s-operat\u00f3ria: Como eu fa\u00e7o. <\/strong><br>Palestrante: V\u00edtor Vieira (PR)<\/td>\n<\/tr>\n<tr>\n<td>14:50 \u00e0s 15:10<\/td>\n<td style=\"text-align: left;\"><strong>Discuss\u00e3o multidisciplinar de casos &#8211; primeira sess\u00e3o <\/strong><br>Palestrante: Fernando Hexsel (RS)<\/td>\n<\/tr>\n<tr>\n<td>15:10 \u00e0s 15:30<\/td>\n<td style=\"text-align: left;\"><strong>Discuss\u00e3o multidisciplinar de casos &#8211; segunda sess\u00e3o <\/strong><br>Palestrante: V\u00edtor Vieira (PR) e Andrea Petruzziello (PR)<\/td>\n<\/tr>\n<tr>\n<td>15:30 \u00e0s 15:50<\/td>\n<td style=\"text-align: left;\"><strong>Break<\/strong><\/td>\n<\/tr>\n<\/tbody>\n<\/table>\n<div>\n<div>\n<h5><strong><button type=\"button\" data-toggle=\"collapse\" data-target=\"#collapseOne\" aria-expanded=\"true\" aria-controls=\"collapseOne\">AMIB &#8211; ASSOCIA\u00c7\u00c3O DE MEDICINA INTENSIVA BRASILEIRA \u2013 Cuidados Peri-operat\u00f3rios de Hi-Pec na UTI<\/button><\/strong><\/h5>\n<\/div>\n<\/div>\n<p>Moderadores: Andre Peretti Torelly (RS) e Thiago Costa Lisboa (RS)<\/p>\n<table style=\"height: 277px;\" width=\"1059\">\n<tbody>\n<tr>\n<td width=\"200\">15:50 \u00e0s 16:10<\/td>\n<td style=\"text-align: left;\"><strong>Complica\u00e7\u00f5es e perspectivas<\/strong><br>Palestrante: Thiago Romano (SP)<\/td>\n<\/tr>\n<tr>\n<td>16:10 \u00e0s 16:30<\/td>\n<td style=\"text-align: left;\"><strong>Cuidados nutricionais<\/strong><br>Palestrante: Caroline Fachini<\/td>\n<\/tr>\n<tr>\n<td>16:30 \u00e0s 16:50<\/td>\n<td style=\"text-align: left;\"><strong>Manejo e reposi\u00e7\u00e3o de flu\u00eddos<\/strong><br>Palestrante: Thiago Lisboa (RS) e Fernando da Silveira (RS)<\/td>\n<\/tr>\n<tr>\n<td>16:50 \u00e0s 17:10<\/td>\n<td style=\"text-align: left;\"><strong>Toxicidade quimioter\u00e1pica. <\/strong><br>Palestrante: Vanessa dos Santos&nbsp;(RS)<\/td>\n<\/tr>\n<tr>\n<td>17:10 \u00e0s 17:30<\/td>\n<td style=\"text-align: left;\"><strong>Sedoanalgesia<\/strong><br>Palestrante: Luciana Coelho Sanches (SP)<\/td>\n<\/tr>\n<\/tbody>\n<\/table>\n<p>Luiza Fadul Gallas (BA)<\/p><\/div>\n\t\t\t\t\t\t\t\t\t<div class=\"elementor-tab-title elementor-tab-mobile-title\" aria-selected=\"false\" data-tab=\"3\" role=\"tab\" tabindex=\"-1\" aria-controls=\"elementor-tab-content-1833\" aria-expanded=\"false\">November, 1st<\/div>\n\t\t\t\t\t<div id=\"elementor-tab-content-1833\" class=\"elementor-tab-content elementor-clearfix\" data-tab=\"3\" role=\"tabpanel\" aria-labelledby=\"elementor-tab-title-1833\" tabindex=\"0\" hidden=\"hidden\"><div><h5><button type=\"button\" data-toggle=\"collapse\" data-target=\"#collapseOne\" aria-expanded=\"true\" aria-controls=\"collapseOne\">LATINO-AMERICANO<\/button><\/h5><p>Moderador: Jorge Meinhardt<\/p><table><tbody><tr><td width=\"200\"><strong>08:30 \u00e0s 08:50<\/strong><\/td><td style=\"text-align: left;\">Brasil<br \/>Palestrante:\u00a0<\/td><\/tr><tr><td><strong>08:50 \u00e0s 09:10<\/strong><\/td><td style=\"text-align: left;\"><p><strong>Chile: HIPEC<\/strong><\/p><p>Palestrante: Francisco Izquierdo Mart\u00ednez<\/p><\/td><\/tr><tr><td><strong>09:10 \u00e0s 09:30<\/strong><\/td><td style=\"text-align: left;\"><p><b>Brasil<\/b><\/p><p>Palestrante: Elio Barreto<\/p><\/td><\/tr><tr><td><strong>09:30 \u00e0s 09:50<\/strong><\/td><td style=\"text-align: left;\"><p><strong>Paraguai:\u00a0<\/strong><span style=\"font-family: Montserrat, Helvetica, Arial, sans-serif; font-size: 15px; font-style: normal; font-variant-ligatures: normal; font-variant-caps: normal; font-weight: 600; display: inline !important;\">HIPEC\u00a0<\/span><strong>in Paraguai what is our reality?\u00a0<\/strong><\/p><p>Palestrante: Francisco Manuel Perrotta<\/p><\/td><\/tr><tr><td><strong>09:50 \u00e0s 10:10<\/strong><\/td><td style=\"text-align: left;\"><p style=\"font-style: normal; font-variant-ligatures: normal; font-variant-caps: normal; font-weight: 600; font-size: 15px; font-family: Montserrat, Helvetica, Arial, sans-serif;\"><span style=\"font-weight: bold;\">Peru<\/span><\/p><p style=\"font-style: normal; font-variant-ligatures: normal; font-variant-caps: normal; font-weight: 600; font-size: 15px; font-family: Montserrat, Helvetica, Arial, sans-serif;\">Palestrante: Sandoval Javier<\/p><\/td><\/tr><tr><td><strong>10:10 \u00e0s 10:30<\/strong><\/td><td style=\"text-align: left;\"><p><span style=\"font-style: normal; font-variant-ligatures: normal; font-variant-caps: normal; font-weight: bold; background-color: #ffffff;\">Equador<\/span><\/p><p><span style=\"font-family: Montserrat, Helvetica, Arial, sans-serif; font-size: 15px; font-style: normal; font-variant-ligatures: normal; font-variant-caps: normal; font-weight: 600; background-color: #ffffff; display: inline !important;\">Palestrante: Carlos Andr\u00e9s Machuca Carpio<\/span><\/p><\/td><\/tr><tr><td><strong>10:30 \u00e0s 10:50<\/strong><\/td><td style=\"text-align: left;\"><strong>Break<\/strong><\/td><\/tr><tr><td><strong>10:50 \u00e0s 11:10<\/strong><\/td><td style=\"text-align: left;\"><p style=\"font-style: normal; font-variant-ligatures: normal; font-variant-caps: normal; font-size: 15px; font-family: Montserrat, Helvetica, Arial, sans-serif;\">M\u00e9xico &#8211; HIPEC in the Mexico let&#8217;s talk about<\/p><p style=\"font-style: normal; font-variant-ligatures: normal; font-variant-caps: normal; font-weight: 600; font-size: 15px; font-family: Montserrat, Helvetica, Arial, sans-serif;\">Palestrante: Hor\u00e1cio Lopez Basave<\/p><\/td><\/tr><tr><td>\u00a0<\/td><td style=\"text-align: left;\">\u00a0<\/td><\/tr><\/tbody><\/table><div><h5>\u00a0<\/h5><div><h5><button type=\"button\" data-toggle=\"collapse\" data-target=\"#collapseOne\" aria-expanded=\"true\" aria-controls=\"collapseOne\">JORNADA NUTRICIONAL<\/button><\/h5><h5>Moderador: Jorge Meinhardt<\/h5><table><tbody><tr><td width=\"200\"><strong>14:10 \u00e0s 14:30<\/strong><\/td><td style=\"text-align: left;\"><p><strong>Abertura: Preparo e reabilita\u00e7\u00e3o nutricional<\/strong><\/p><p>Palestrante: Rafaela Festugatto Tartari (RS)<\/p><\/td><\/tr><tr><td><strong>14:30 \u00e0s 14:50<\/strong><\/td><td style=\"text-align: left;\"><p><strong>Diagn\u00f3stico nutricional: como este paciente est\u00e1 chegando?<\/strong><\/p><p>Palestrante: Ana Paula Barrere (SP)<\/p><\/td><\/tr><tr><td><strong>14:50 \u00e0s 15:10<\/strong><\/td><td style=\"text-align: left;\"><p><b><strong>Reabilitar para operar: vale a espera?\u00a0<\/strong><\/b><\/p><p>Palestrante: Ariane Paiva (RS)<\/p><\/td><\/tr><tr><td><strong>15:10 \u00e0s 15:30<\/strong><\/td><td style=\"text-align: left;\"><p><strong>Necessidades nutricionais no pr\u00e9-operat\u00f3rio\u00a0<\/strong><\/p><p>Palestrante: Vanessa Alves (RS)<\/p><\/td><\/tr><tr><td><strong>15:30 \u00e0s 15:50<\/strong><\/td><td style=\"text-align: left;\"><p><strong>Imunonutri\u00e7\u00e3o: o que estamos fazendo e o que ainda n\u00e3o consideramos?\u00a0<\/strong><\/p><p>Palestrante: Andressa Faria Neves (PE)<\/p><\/td><\/tr><tr><td><strong>15:50 \u00e0s 16:10<\/strong><\/td><td style=\"text-align: left;\"><p><strong>H\u00e1 espa\u00e7o para abrevia\u00e7\u00e3o de jejum pr\u00e9-operat\u00f3rio? Como operacionalizar? Experi\u00eancia do Servi\u00e7o da ISCMPA\u00a0<\/strong><\/p><p>Palestrante: Tabata Pav\u00e3o (RS)<\/p><\/td><\/tr><tr><td><strong>16:10 \u00e0s 16:30<\/strong><\/td><td style=\"text-align: left;\"><strong>Break<\/strong><\/td><\/tr><tr><td><strong>16:30 \u00e0s 16:50<\/strong><\/td><td style=\"text-align: left;\"><p><strong>Desafios na assist\u00eancia nutricional no p\u00f3s-operat\u00f3rio<\/strong><\/p><p>Palestrante: Aline Kirjner (RS)<\/p><\/td><\/tr><tr><td><strong>16:50 \u00e0s 17:10<\/strong><\/td><td style=\"text-align: left;\"><p><strong>P\u00f3s -op imediato: como e quando nutrir?\u00a0Desafios no paciente oncol\u00f3gico cr\u00edtico<\/strong><\/p><p>Mesa multidisciplinar de discuss\u00e3o:\u00a0<span style=\"letter-spacing: 0px; display: inline !important;\">Dra. Caroline Fachini (RS), Dr Rodrigo Firmino Schirmbeck Moraes (RS), Dr Jos\u00e9 Eduardo de Aguilar Siqueira do Nascimento (MT), Nut. Rafaela Tartari (RS)<\/span><\/p><p class=\"MsoNoSpacing\" style=\"margin-left: 106.2pt;\">\u00a0<\/p><\/td><\/tr><tr><td><strong>17:10 \u00e0s 17:30<\/strong><\/td><td style=\"text-align: left;\"><p><strong>Nutri\u00e7\u00e3o Parenteral: necessidades e implica\u00e7\u00f5es<\/strong><\/p><p>Palestrante: Caroline Fachini (RS)<\/p><\/td><\/tr><tr><td><strong>17:30 \u00e0s 17:50<\/strong><\/td><td style=\"text-align: left;\"><p><strong>Manejo nutricional nas complica\u00e7\u00f5es p\u00f3s-operat\u00f3rias<\/strong><\/p><p>Palestrante: Carin Gallon (RS)<\/p><\/td><\/tr><tr><td><strong>17:50 \u00e0s 18:10<\/strong><\/td><td style=\"text-align: left;\"><p><strong>Sobrevivente: o que precisamos considerar?\u00a0<\/strong><\/p><p>Palestrante: Mara Regina Santos da Silva (RS)<\/p><\/td><\/tr><tr><td><strong>18:10<\/strong><\/td><td style=\"text-align: left;\"><b>Break<\/b><\/td><\/tr><\/tbody><\/table><div><div aria-labelledby=\"headingTwo\" data-parent=\"#accordionExample\"><h5>\u00a0<\/h5><\/div><\/div><\/div><\/div><\/div><\/div>\n\t\t\t\t\t\t\t<\/div>\n\t\t<\/div>\n\t\t\t\t\t\t<\/div>\n\t\t\t\t<\/div>\n\t\t\t\t\t<\/div>\n\t\t<\/div>\n\t\t\t\t\t<\/div>\n\t\t<\/section>\n\t\t\t\t<section class=\"elementor-section elementor-top-section elementor-element elementor-element-beb07e6 elementor-section-boxed elementor-section-height-default elementor-section-height-default\" data-id=\"beb07e6\" data-element_type=\"section\" data-e-type=\"section\">\n\t\t\t\t\t\t<div class=\"elementor-container elementor-column-gap-default\">\n\t\t\t\t\t<div class=\"elementor-column elementor-col-100 elementor-top-column elementor-element elementor-element-5e16162\" data-id=\"5e16162\" data-element_type=\"column\" data-e-type=\"column\">\n\t\t\t<div class=\"elementor-widget-wrap elementor-element-populated\">\n\t\t\t\t\t\t<div class=\"elementor-element elementor-element-95cbc33 elementor-widget elementor-widget-text-editor\" data-id=\"95cbc33\" data-element_type=\"widget\" data-e-type=\"widget\" data-widget_type=\"text-editor.default\">\n\t\t\t\t<div class=\"elementor-widget-container\">\n\t\t\t\t\t\t\t\t\t<p>\u00daltima atualiza\u00e7\u00e3o 09\/09\/2022, 11:00.<\/p>\t\t\t\t\t\t\t\t<\/div>\n\t\t\t\t<\/div>\n\t\t\t\t\t<\/div>\n\t\t<\/div>\n\t\t\t\t\t<\/div>\n\t\t<\/section>\n\t\t\t\t<\/div>","protected":false},"excerpt":{"rendered":"<p>Programa\u00e7\u00e3o Audit\u00f3rio Secund\u00e1rio 30 de outubro 31 de outubro 1\u00ba de novembro 30 de outubro Pr\u00e9-congresso Coordena\u00e7\u00e3o: Eduardo Dipp (RS) e Rafael Seitenfus (RS) Debatedores: Paul<span class=\"excerpt-hellip\"> [\u2026]<\/span><\/p>\n","protected":false},"author":1,"featured_media":0,"parent":0,"menu_order":0,"comment_status":"closed","ping_status":"closed","template":"","meta":{"footnotes":""},"class_list":["post-920","page","type-page","status-publish","hentry"],"_links":{"self":[{"href":"https:\/\/latinoamericanoperitoneal.santacasa.org.br\/en\/wp-json\/wp\/v2\/pages\/920","targetHints":{"allow":["GET"]}}],"collection":[{"href":"https:\/\/latinoamericanoperitoneal.santacasa.org.br\/en\/wp-json\/wp\/v2\/pages"}],"about":[{"href":"https:\/\/latinoamericanoperitoneal.santacasa.org.br\/en\/wp-json\/wp\/v2\/types\/page"}],"author":[{"embeddable":true,"href":"https:\/\/latinoamericanoperitoneal.santacasa.org.br\/en\/wp-json\/wp\/v2\/users\/1"}],"replies":[{"embeddable":true,"href":"https:\/\/latinoamericanoperitoneal.santacasa.org.br\/en\/wp-json\/wp\/v2\/comments?post=920"}],"version-history":[{"count":85,"href":"https:\/\/latinoamericanoperitoneal.santacasa.org.br\/en\/wp-json\/wp\/v2\/pages\/920\/revisions"}],"predecessor-version":[{"id":1616,"href":"https:\/\/latinoamericanoperitoneal.santacasa.org.br\/en\/wp-json\/wp\/v2\/pages\/920\/revisions\/1616"}],"wp:attachment":[{"href":"https:\/\/latinoamericanoperitoneal.santacasa.org.br\/en\/wp-json\/wp\/v2\/media?parent=920"}],"curies":[{"name":"wp","href":"https:\/\/api.w.org\/{rel}","templated":true}]}}